{"id":2122,"date":"2018-07-11T09:49:29","date_gmt":"2018-07-11T07:49:29","guid":{"rendered":"https:\/\/www.packit.nl\/datenschutzerklarung\/"},"modified":"2023-05-11T13:28:46","modified_gmt":"2023-05-11T11:28:46","slug":"datenschutzerklarung","status":"publish","type":"page","link":"https:\/\/www.foragroup.eu\/de\/datenschutzerklarung\/","title":{"rendered":"Datenschutzerkl\u00e4rung"},"content":{"rendered":"[vc_row][vc_column][vc_column_text css=&#8220;.vc_custom_1592989216881{margin-bottom: 0px !important;}&#8220;]\n<h1>Datenschutzerkl\u00e4rung<\/h1>\n[\/vc_column_text][vc_column_text css=&#8220;.vc_custom_1683804522552{margin-bottom: 0px !important;}&#8220;]F\u00fcr FORA Handelsgesellschaft mbH ist der Schutz pers\u00f6nlicher Daten von essenzieller Wichtigkeit. Wir verarbeiten Ihre Angaben daher auch mit der gr\u00f6\u00dftm\u00f6glichen Sorgf\u00e4ltigkeit. Mit dieser<br \/>\nDatenschutzerkl\u00e4rung informieren wir Sie \u00fcber unseren Umgang mit pers\u00f6nlichen Daten.<\/p>\n<ol>\n<li><strong> Wer ist verantwortlich f\u00fcr die Verarbeitung Ihrer Daten? <\/strong><\/li>\n<\/ol>\n<p>In dieser Datenschutzerkl\u00e4rung beschreibt FORA Handelsgesellschaft mbH (nachstehend: \u201c<strong>FORA<\/strong>\u201d oder \u201c<strong>wir<\/strong>\u201d) wie sie als Verarbeitungsverantworliche mit Ihren pers\u00f6nlichen Daten umgehen.<\/p>\n<ol start=\"2\">\n<li><strong> Was sind pers\u00f6nliche Daten?<\/strong><\/li>\n<\/ol>\n<p>Informationen \u00fcber identifizierte oder identifizierbare nat\u00fcrliche Personen werden als pers\u00f6nliche Daten bezeichnet. Ob bestimmte Informationen als pers\u00f6nliche Daten gelten m\u00fcssen h\u00e4ngt unter anderem davon ab, ob FORA \u00fcber legale Mittel verf\u00fcgt, bei denen berechtigterweise davon ausgegangen werden kann, dass sie dies einsetzt um einen Betroffenen zu identifizieren.<\/p>\n<ol start=\"3\">\n<li><strong> Pers\u00f6nliche Daten die wir verarbeiten<\/strong><\/li>\n<\/ol>\n<p>Wir verarbeiten pers\u00f6nliche Daten \u00fcber Sie, da Sie uns selbst Daten zur Verf\u00fcgung stellen, wenn Sie einen Vertrag mit uns schlie\u00dfen, aber auch wenn Sie unsere Dienste nutzen und uns somit Daten senden, oder uns in die Lage versetzen, Daten zu speichern \u00fcber Ihre Interessen und Vorlieben.<\/p>\n<p><strong><em>Uns zur Verf\u00fcgung gestellte Daten <\/em><\/strong><br \/>\nWenn Sie mit FORA einen Vertrag schlie\u00dfen, ben\u00f6tigen wir von Ihnen die folgenden pers\u00f6nlichen Daten:<\/p>\n<ul>\n<li>(Firmen)Name und Adresse;<\/li>\n<li>Kontaktdaten (Telefonnummern, E-Mailadressen);<\/li>\n<li>Kundennummer(n);<\/li>\n<li>Finanzielle Daten (Kontoinformationen, Angebote, Rechnungen).<\/li>\n<\/ul>\n<p>Zus\u00e4tzlich verarbeitet FORA im Rahmen der Durchf\u00fchrung eines Vertrages mit Ihnen oder einer Dienstleistung an Sie die folgenden Daten, welche pers\u00f6nliche Daten gelten k\u00f6nnen:<\/p>\n<ul>\n<li>Benutzername und Passw\u00f6rter<\/li>\n<li>andere Daten relevant f\u00fcr den betreffenden Vertrag.<\/li>\n<\/ul>\n<p><strong><em>Daten \u00fcber Ihre Nutzung unserer Dienste und\/oder Produkte<\/em><\/strong><br \/>\nWenn Sie die Dienste von FORA in Anspruch nehmen oder anderweitig mit uns in Kontakt treten, verarbeiten wir im Rahmen unserer Dienste &#8211; je nachdem, wie genau Sie diese nutzen &#8211; die folgenden Daten, die als personenbezogene Daten gelten (k\u00f6nnen):<\/p>\n<p>Informationen, die sich auf Ihre Peripherieger\u00e4te beziehen, wie z.B. eine MAC-Adresse, IP-Adresse oder eine andere Nummer;<\/p>\n<p>Ihre Kommunikationspr\u00e4ferenzen und -einstellungen;<\/p>\n<p>Informationen, die wir mit bestimmten Mustern verkn\u00fcpfen, wie z.B. einem Status in dem Profil, das wir aufgrund Ihres Konsumverhaltens \u00fcber Sie erstellen (z.B. die H\u00e4ufigkeit, mit der Sie einen Kauf t\u00e4tigen oder eine Dienstleistung kaufen);<\/p>\n<p>Surfverhalten, das auf der Grundlage unserer eigenen Beobachtungen oder Cookies ermittelt wird (siehe auch Artikel 9 dieser Datenschutzerkl\u00e4rung);<\/p>\n<p>Kundenzufriedenheitsdaten;<\/p>\n<p>Informationen \u00fcber Ihre Nutzung unserer Support-Abteilung.<\/p>\n<ol start=\"4\">\n<li><strong> Keine Verarbeitung pers\u00f6nlicher Daten von Personen unter 16 Jahren<\/strong><\/li>\n<\/ol>\n<p>Wir beabsichtigen nicht, Daten von Website-Besuchern unter 16 Jahren zu sammeln. Wir ermutigen Eltern, sich an den Online-Aktivit\u00e4ten ihrer Kinder zu beteiligen, um zu verhindern, dass FORA ihre personenbezogenen Daten verarbeitet.<\/p>\n<ol start=\"5\">\n<li><strong> Verarbeitung: Grundlagen und gerechtfertigte Belange <\/strong><\/li>\n<\/ol>\n<p>Die Verarbeitung personenbezogener Daten erfolgt auf der Grundlage der folgenden in Artikel 6 der Allgemeinen Datenschutzverordnung festgelegten Grunds\u00e4tze:<\/p>\n<ol>\n<li>Erlaubnis<\/li>\n<li>Durchf\u00fchrung eines Vertrages mit Ihnen<\/li>\n<li>Gesetzliche Verpflichtung<\/li>\n<li>Erf\u00fcllung einer Aufgabe im \u00f6ffentlichen Interesse<\/li>\n<li>Berechtigte Interessen von FORA oder Dritten<\/li>\n<\/ol>\n<p>Zu den berechtigten Interessen geh\u00f6ren: Marketing, Werbung, Sicherheit, (Kriminal-)Pr\u00e4vention, IT-Management, Forschung und Analyse eigener Produkte oder Dienstleistungen, Betriebswirtschaft, juristische Angelegenheiten, internes Management<\/p>\n<ol start=\"6\">\n<li><strong> Ziel der Verarbeitung Ihrer pers\u00f6nlichen Daten<\/strong><\/li>\n<\/ol>\n<ul>\n<li>FORA verarbeitet Ihre personenbezogenen Daten zu den unten genannten Zwecken. Die Zahl hinter jedem Zweck entspricht der in Artikel 5 dieser Datenschutzerkl\u00e4rung genannten Grundlage.<\/li>\n<li>Aufbau und Pflege einer Kundenbeziehung, einschlie\u00dflich einer direkten Beziehung zwischen den verantwortlichen Finanzdienstleistern und verwandten Finanzdienstleistern, auch f\u00fcr kommerzielle Zwecke [Basis: 2, 5].<\/li>\n<li>Auftragsabwicklung (inkl. Fakturierung), Finanzverwaltung und Logistik [Basis: 2, 5].<\/li>\n<li>Die Erbringung von Kundendienstleistungen, einschlie\u00dflich Dienstleistungen im Zusammenhang mit dem Kauf von Dienstleistungen und Produkten, die Erf\u00fcllung von Garantieverpflichtungen und Produktr\u00fcckrufen f\u00fcr unsere eigenen Dienstleistungen, die Bearbeitung von Reklamationen und Anfragen [Basis: 2, 3, 4 oder 5].<\/li>\n<li>In bestimmten F\u00e4llen die Aufrechterhaltung der Kommunikation, um im Falle von Fahrzeugdefekten oder -st\u00f6rungen proaktiv mit den Nutzern in Kontakt zu treten oder Servicevereinbarungen zu planen, die auch Mobilit\u00e4tsdienste erm\u00f6glichen [Basis: 2 oder 5].<\/li>\n<li>Marktforschung zur Verbesserung unserer Gesch\u00e4ftst\u00e4tigkeit, unserer Marken, Dienstleistungen und Produkte [Basis: 5].<\/li>\n<li>Kommunikation mit den Beteiligten und Angebot eines Loyalit\u00e4tsprogramms [Basis: 1 oder 5].<\/li>\n<li>Um Sie zu kontaktieren mit Angeboten oder anderen kommerziellen Informationen. Sie haben jederzeit die M\u00f6glichkeit, sich durch einen Widerspruch davon abzumelden. Alle Mitteilungen geben an, wie dies geschehen kann [Basis: 1 oder 5].<\/li>\n<li>Verbesserung der Inhalte unserer Kommunikation durch Anpassung an Ihre pers\u00f6nlichen Pr\u00e4ferenzen [Basis: 5].<\/li>\n<li>Die (Weiter-)Entwicklung und Verbesserung neuer und bestehender Produkte und Dienstleistungen [Basis: 5].<\/li>\n<li>Messung der Kundenzufriedenheit, Bereitstellung von Managementinformationen und Festlegung der Gesamtstrategie [Basis: 1 oder 5].<\/li>\n<li>Die Organisation von Veranstaltungen zur Datenanalyse, um Produkte oder Dienstleistungen verbessern oder entwickeln zu k\u00f6nnen, bei denen Teilnehmer dieser Veranstaltungen mit personenbezogenen Daten in (pseudo-)anonymer Form &#8211; nicht direkt auf Sie als nat\u00fcrliche Person zur\u00fcckf\u00fchrbar &#8211; arbeiten, soweit dies nach geltendem Recht zul\u00e4ssig ist [Basis: 5].<\/li>\n<li>Einhaltung gesetzlicher Verpflichtungen, Streitbeilegung und Durchsetzung unserer Rechte und Vereinbarungen [Basis: 3, 4 oder 5].<\/li>\n<li>Verbesserung der Datenqualit\u00e4t durch Adresspr\u00fcfung [Basis: 5].<\/li>\n<li>Verkn\u00fcpfung und Analyse von Cookies unserer Websites mit uns bekannten Kundendaten. Wir tun dies, um den Inhalt unserer Kommunikation so genau wie m\u00f6glich auf Ihre pers\u00f6nlichen Pr\u00e4ferenzen abzustimmen [Basis: 1 oder 5].<\/li>\n<\/ul>\n<ol start=\"7\">\n<li><strong> Teilen mit Dritten<\/strong><\/li>\n<\/ol>\n<p>FORA gibt Ihre personenbezogenen Daten unter anderem in den folgenden F\u00e4llen und aus den gleichen Gr\u00fcnden an Dritte weiter. Die Zahl hinter jedem Zweck entspricht der in Artikel 5 dieser Datenschutzerkl\u00e4rung genannten Grundlage:<\/p>\n<ul>\n<li>mit assoziierten Finanzdienstleistern zum Zwecke der Erbringung nachfolgender Finanzdienstleistungen [Basis: 2];<\/li>\n<li>wenn wir gesetzlich verpflichtet oder befugt sind, personenbezogene Daten an Dritte weiterzugeben [Basis: 3];<\/li>\n<li>Wenn wir den Verdacht einer Verletzung von Rechten Dritter, von Straftaten oder von Missbrauch haben, k\u00f6nnen wir personenbezogene Daten an Dritte, die ein berechtigtes Interesse daran haben, oder an Einrichtungen, die dem allgemeinen Interesse dienen, weitergeben. Dies k\u00f6nnen auch Vollstreckungsbeh\u00f6rden wie die Staatsanwaltschaft oder Aufsichtsbeh\u00f6rden sein [Basis: 3, 4 oder 5];<\/li>\n<li>mit Parteien, die FORA bei der Leistungserbringung unterst\u00fctzen und keine Verarbeiter sind (man denke an Buchhalter und (Rechts-)Berater) [Basis: 5];<\/li>\n<li>f\u00fcr kommerzielle Zwecke (z.B. Verkauf von Unternehmen oder Anteilen oder Umstrukturierung) [Basis: 5].<\/li>\n<\/ul>\n<p>FORA nutzt auch Dienstleistungen Dritter, die als &#8222;Prozessoren&#8220; fungieren (z.B. Hosting-Service-Provider, Mobilit\u00e4tsdienstleister und Forschungsagenturen mit dem Ziel, Markt- oder Kundenzufriedenheitsbefragungen durchzuf\u00fchren). Diese Dienstleister verarbeiten personenbezogene Daten nur gem\u00e4\u00df den Anweisungen von FORA und unter der Kontrolle von FORA.<\/p>\n<ol start=\"8\">\n<li><strong> Wie lange wir Daten speichern<\/strong><\/li>\n<\/ol>\n<p>Wir speichern personenbezogene Daten gem\u00e4\u00df unserer internen Datenspeicherungspolitik und\/oder solange (i) Sie Kunde von FORA sind oder weiterhin Interesse an den Dienstleistungen von FORA zeigen, (ii) wir gesetzlich verpflichtet sind, Daten zu speichern, oder (iii) wir glauben, dass wir berechtigt sind, Daten aus wichtigen Gr\u00fcnden zu speichern, soweit dies erforderlich ist. Personenbezogene Daten, die Sie uns \u00fcber das Kontakt- oder Beschwerdeformular mitteilen, werden von uns f\u00fcr maximal 2 Jahre zu Analysezwecken gespeichert und anschlie\u00dfend anonymisiert.<\/p>\n<ol start=\"9\">\n<li><strong> \u00dcberblick \u00fcber Websitebesuche<\/strong><\/li>\n<\/ol>\n<p>Wenn Sie unsere Websites, Dienste, Anwendungen, Kommunikationsdienste (wie E-Mail) und Ressourcen besuchen oder nutzen, k\u00f6nnen wir Cookies, Web Beacons und andere \u00e4hnliche Technologien verwenden, um Informationen zum Zwecke der Personalisierung von Werbebotschaften zu speichern und Ihnen eine bessere, schnellere und sicherere Kundenerfahrung zu erm\u00f6glichen. Wenn Sie keine Cookies erhalten m\u00f6chten, k\u00f6nnen Sie diese ablehnen.<\/p>\n<ol start=\"10\">\n<li><strong> Ihre Rechte, darunter das Recht auf Beschwerde <\/strong><\/li>\n<\/ol>\n<p>Sie haben das Recht zu erfahren, welche Ihrer pers\u00f6nlichen Daten wir gespeichert haben und wem wir Ihre pers\u00f6nlichen Daten zur Verf\u00fcgung gestellt haben. Sie k\u00f6nnen uns \u00fcber den Kundenservice erreichen. FORA wird sich bem\u00fchen, innerhalb der gesetzlichen Frist zu antworten. \u00dcberm\u00e4\u00dfige Anforderungen k\u00f6nnen aus der Behandlung herausgelassen werden.<\/p>\n<p>Neben dem Recht auf Einsicht in Ihre personenbezogenen Daten haben Sie folgende Rechte in Bezug auf unsere Verarbeitung Ihrer personenbezogenen Daten:<\/p>\n<ul>\n<li>Das Recht, Ihre Einwilligung zu widerrufen, soweit unsere Verarbeitung Ihrer personenbezogenen Daten darauf beruht;<\/li>\n<li>das Recht, eine Beschwerde bei der Beh\u00f6rde f\u00fcr personenbezogene Daten einzureichen;<\/li>\n<li>das Recht, Ihre personenbezogenen Daten zu berichtigen oder berichtigen zu lassen;<\/li>\n<li>Das Recht, Ihre pers\u00f6nlichen Daten zu l\u00f6schen;<\/li>\n<li>Das Recht auf Einschr\u00e4nkung der Verarbeitung, an der Sie beteiligt sind;<\/li>\n<li>Das Recht auf Daten\u00fcbertragbarkeit;<\/li>\n<li>Das absolute Recht, dem Direktmarketing zu widersprechen;<\/li>\n<li>das Recht, Einwendungen gegen Verarbeitungen zu erheben, die aufgrund der berechtigten Interessen von FORA oder eines Dritten (je nach Ihren pers\u00f6nlichen Verh\u00e4ltnissen) erfolgen.<\/li>\n<\/ul>\n<p>Sie k\u00f6nnen Ihre Rechte nur insoweit aus\u00fcben, als das Gesetz Ihnen diese Rechte einr\u00e4umt. Um sicherzustellen, dass der Antrag auf Einsichtnahme von Ihnen gestellt wurde, bitten wir Sie, diesem Antrag eine Kopie Ihres Ausweises beizuf\u00fcgen. Wir bitten Sie dazu das Passfoto, die MRZ (maschinenlesbare Zone), die Passnummer und die B\u00fcrgerservice-Nummer (BSN) auf dieser Kopie unkenntlich zu machen.<\/p>\n<ol start=\"11\">\n<li><strong> Sicherung und Schutz der Daten<\/strong><\/li>\n<\/ol>\n<p>FORA setzt angemessene Sicherheitsma\u00dfnahmen ein, um Missbrauch, Verlust, unbefugten Zugriff, unerw\u00fcnschte Offenlegung und unbefugte Ver\u00e4nderung so weit wie m\u00f6glich zu verhindern. FORA hat technische und organisatorische Ma\u00dfnahmen zum Schutz Ihrer personenbezogenen Daten getroffen. Diese Sicherheitsma\u00dfnahmen werden regelm\u00e4\u00dfig auf der Grundlage von Bedrohungen \u00fcberpr\u00fcft.<\/p>\n<ol start=\"12\">\n<li><strong> Kontakt<\/strong><\/li>\n<\/ol>\n<p>F\u00fcr Fragen und\/oder Anmerkungen bez\u00fcglich dieser Datenschutzerkl\u00e4rung k\u00f6nnen Sie Kontakt aufnehmen mit:<\/p>\n<p><strong>FORA Handelsgesellschaft mbH<br \/>\n<\/strong>Pfaffenha\u0308ule 30<br \/>\n78224 Singen,\u00a0Germany<br \/>\n+<span class=\"ui-provider gr b c d e f g h i j k l m n o p q r s t u v w x y z ab ac ae af ag ah ai aj ak\" dir=\"ltr\">49 7731 38841<\/span> \u2013 0<br \/>\n<a href=\"mailto:info@foragroup.eu\">info@foragroup.eu<\/a><\/p>\n<ol start=\"13\">\n<li><strong> \u00c4nderungen <\/strong><\/li>\n<\/ol>\n<p>Die Art und Weise, in der wir personenbezogene Daten verarbeiten, sowie die Zusammensetzung oder Menge der Daten, die wir verarbeiten, k\u00f6nnen sich \u00e4ndern. Wir behalten uns daher das Recht vor, diese Datenschutzerkl\u00e4rung zu \u00e4ndern. Sie werden bei Bedarf \u00fcber jede \u00c4nderung informiert. Diese Datenschutzerkl\u00e4rung gibt immer das sp\u00e4teste \u00c4nderungsdatum an.<\/p>\n<p>Diese Erkl\u00e4rung wurde zuletzt am 11. Mai 2023 \u00fcberarbeitet.[\/vc_column_text][\/vc_column][\/vc_row]\n","protected":false},"excerpt":{"rendered":"<p>[vc_row][vc_column][vc_column_text css=&#8220;.vc_custom_1592989216881{margin-bottom: 0px !important;}&#8220;] Datenschutzerkl\u00e4rung [\/vc_column_text][vc_column_text css=&#8220;.vc_custom_1683804522552{margin-bottom: 0px !important;}&#8220;]F\u00fcr FORA Handelsgesellschaft mbH ist der Schutz pers\u00f6nlicher Daten von essenzieller Wichtigkeit. Wir verarbeiten Ihre Angaben daher auch mit der gr\u00f6\u00dftm\u00f6glichen Sorgf\u00e4ltigkeit. Mit dieser Datenschutzerkl\u00e4rung informieren wir Sie \u00fcber unseren Umgang mit pers\u00f6nlichen Daten. Wer ist verantwortlich f\u00fcr die Verarbeitung Ihrer Daten? In dieser Datenschutzerkl\u00e4rung beschreibt FORA [&hellip;]<\/p>\n","protected":false},"author":4,"featured_media":0,"parent":0,"menu_order":25,"comment_status":"closed","ping_status":"closed","template":"","meta":{"inline_featured_image":false,"footnotes":""},"yoast_head":"<!-- This site is optimized with the Yoast SEO plugin v21.8 - https:\/\/yoast.com\/wordpress\/plugins\/seo\/ -->\n<title>Datenschutzerkl\u00e4rung - FORA<\/title>\n<meta name=\"robots\" content=\"index, follow, max-snippet:-1, max-image-preview:large, max-video-preview:-1\" \/>\n<link rel=\"canonical\" href=\"https:\/\/www.foragroup.eu\/de\/datenschutzerklarung\/\" \/>\n<meta property=\"og:locale\" content=\"de_DE\" \/>\n<meta property=\"og:type\" content=\"article\" \/>\n<meta property=\"og:title\" content=\"Datenschutzerkl\u00e4rung - FORA\" \/>\n<meta property=\"og:description\" content=\"[vc_row][vc_column][vc_column_text css=&#8220;.vc_custom_1592989216881{margin-bottom: 0px !important;}&#8220;] Datenschutzerkl\u00e4rung [\/vc_column_text][vc_column_text css=&#8220;.vc_custom_1683804522552{margin-bottom: 0px !important;}&#8220;]F\u00fcr FORA Handelsgesellschaft mbH ist der Schutz pers\u00f6nlicher Daten von essenzieller Wichtigkeit. Wir verarbeiten Ihre Angaben daher auch mit der gr\u00f6\u00dftm\u00f6glichen Sorgf\u00e4ltigkeit. Mit dieser Datenschutzerkl\u00e4rung informieren wir Sie \u00fcber unseren Umgang mit pers\u00f6nlichen Daten. Wer ist verantwortlich f\u00fcr die Verarbeitung Ihrer Daten? In dieser Datenschutzerkl\u00e4rung beschreibt FORA [&hellip;]\" \/>\n<meta property=\"og:url\" content=\"https:\/\/www.foragroup.eu\/de\/datenschutzerklarung\/\" \/>\n<meta property=\"og:site_name\" content=\"FORA\" \/>\n<meta property=\"article:modified_time\" content=\"2023-05-11T11:28:46+00:00\" \/>\n<meta name=\"twitter:label1\" content=\"Gesch\u00e4tzte Lesezeit\" \/>\n\t<meta name=\"twitter:data1\" content=\"7\u00a0Minuten\" \/>\n<script type=\"application\/ld+json\" class=\"yoast-schema-graph\">{\"@context\":\"https:\/\/schema.org\",\"@graph\":[{\"@type\":\"WebPage\",\"@id\":\"https:\/\/www.foragroup.eu\/de\/datenschutzerklarung\/\",\"url\":\"https:\/\/www.foragroup.eu\/de\/datenschutzerklarung\/\",\"name\":\"Datenschutzerkl\u00e4rung - FORA\",\"isPartOf\":{\"@id\":\"https:\/\/www.foragroup.eu\/de\/#website\"},\"datePublished\":\"2018-07-11T07:49:29+00:00\",\"dateModified\":\"2023-05-11T11:28:46+00:00\",\"breadcrumb\":{\"@id\":\"https:\/\/www.foragroup.eu\/de\/datenschutzerklarung\/#breadcrumb\"},\"inLanguage\":\"de\",\"potentialAction\":[{\"@type\":\"ReadAction\",\"target\":[\"https:\/\/www.foragroup.eu\/de\/datenschutzerklarung\/\"]}]},{\"@type\":\"BreadcrumbList\",\"@id\":\"https:\/\/www.foragroup.eu\/de\/datenschutzerklarung\/#breadcrumb\",\"itemListElement\":[{\"@type\":\"ListItem\",\"position\":1,\"name\":\"Home\",\"item\":\"https:\/\/www.foragroup.eu\/de\/\"},{\"@type\":\"ListItem\",\"position\":2,\"name\":\"Datenschutzerkl\u00e4rung\"}]},{\"@type\":\"WebSite\",\"@id\":\"https:\/\/www.foragroup.eu\/de\/#website\",\"url\":\"https:\/\/www.foragroup.eu\/de\/\",\"name\":\"FORA\",\"description\":\"Hoogwaardige verpakkingen en disposables\",\"potentialAction\":[{\"@type\":\"SearchAction\",\"target\":{\"@type\":\"EntryPoint\",\"urlTemplate\":\"https:\/\/www.foragroup.eu\/de\/?s={search_term_string}\"},\"query-input\":\"required name=search_term_string\"}],\"inLanguage\":\"de\"}]}<\/script>\n<!-- \/ Yoast SEO plugin. -->","yoast_head_json":{"title":"Datenschutzerkl\u00e4rung - FORA","robots":{"index":"index","follow":"follow","max-snippet":"max-snippet:-1","max-image-preview":"max-image-preview:large","max-video-preview":"max-video-preview:-1"},"canonical":"https:\/\/www.foragroup.eu\/de\/datenschutzerklarung\/","og_locale":"de_DE","og_type":"article","og_title":"Datenschutzerkl\u00e4rung - FORA","og_description":"[vc_row][vc_column][vc_column_text css=&#8220;.vc_custom_1592989216881{margin-bottom: 0px !important;}&#8220;] Datenschutzerkl\u00e4rung [\/vc_column_text][vc_column_text css=&#8220;.vc_custom_1683804522552{margin-bottom: 0px !important;}&#8220;]F\u00fcr FORA Handelsgesellschaft mbH ist der Schutz pers\u00f6nlicher Daten von essenzieller Wichtigkeit. Wir verarbeiten Ihre Angaben daher auch mit der gr\u00f6\u00dftm\u00f6glichen Sorgf\u00e4ltigkeit. Mit dieser Datenschutzerkl\u00e4rung informieren wir Sie \u00fcber unseren Umgang mit pers\u00f6nlichen Daten. Wer ist verantwortlich f\u00fcr die Verarbeitung Ihrer Daten? In dieser Datenschutzerkl\u00e4rung beschreibt FORA [&hellip;]","og_url":"https:\/\/www.foragroup.eu\/de\/datenschutzerklarung\/","og_site_name":"FORA","article_modified_time":"2023-05-11T11:28:46+00:00","twitter_misc":{"Gesch\u00e4tzte Lesezeit":"7\u00a0Minuten"},"schema":{"@context":"https:\/\/schema.org","@graph":[{"@type":"WebPage","@id":"https:\/\/www.foragroup.eu\/de\/datenschutzerklarung\/","url":"https:\/\/www.foragroup.eu\/de\/datenschutzerklarung\/","name":"Datenschutzerkl\u00e4rung - FORA","isPartOf":{"@id":"https:\/\/www.foragroup.eu\/de\/#website"},"datePublished":"2018-07-11T07:49:29+00:00","dateModified":"2023-05-11T11:28:46+00:00","breadcrumb":{"@id":"https:\/\/www.foragroup.eu\/de\/datenschutzerklarung\/#breadcrumb"},"inLanguage":"de","potentialAction":[{"@type":"ReadAction","target":["https:\/\/www.foragroup.eu\/de\/datenschutzerklarung\/"]}]},{"@type":"BreadcrumbList","@id":"https:\/\/www.foragroup.eu\/de\/datenschutzerklarung\/#breadcrumb","itemListElement":[{"@type":"ListItem","position":1,"name":"Home","item":"https:\/\/www.foragroup.eu\/de\/"},{"@type":"ListItem","position":2,"name":"Datenschutzerkl\u00e4rung"}]},{"@type":"WebSite","@id":"https:\/\/www.foragroup.eu\/de\/#website","url":"https:\/\/www.foragroup.eu\/de\/","name":"FORA","description":"Hoogwaardige verpakkingen en disposables","potentialAction":[{"@type":"SearchAction","target":{"@type":"EntryPoint","urlTemplate":"https:\/\/www.foragroup.eu\/de\/?s={search_term_string}"},"query-input":"required name=search_term_string"}],"inLanguage":"de"}]}},"_links":{"self":[{"href":"https:\/\/www.foragroup.eu\/de\/wp-json\/wp\/v2\/pages\/2122"}],"collection":[{"href":"https:\/\/www.foragroup.eu\/de\/wp-json\/wp\/v2\/pages"}],"about":[{"href":"https:\/\/www.foragroup.eu\/de\/wp-json\/wp\/v2\/types\/page"}],"author":[{"embeddable":true,"href":"https:\/\/www.foragroup.eu\/de\/wp-json\/wp\/v2\/users\/4"}],"replies":[{"embeddable":true,"href":"https:\/\/www.foragroup.eu\/de\/wp-json\/wp\/v2\/comments?post=2122"}],"version-history":[{"count":6,"href":"https:\/\/www.foragroup.eu\/de\/wp-json\/wp\/v2\/pages\/2122\/revisions"}],"predecessor-version":[{"id":5835,"href":"https:\/\/www.foragroup.eu\/de\/wp-json\/wp\/v2\/pages\/2122\/revisions\/5835"}],"wp:attachment":[{"href":"https:\/\/www.foragroup.eu\/de\/wp-json\/wp\/v2\/media?parent=2122"}],"curies":[{"name":"wp","href":"https:\/\/api.w.org\/{rel}","templated":true}]}}