{"id":3868,"date":"2017-06-26T10:13:54","date_gmt":"2017-06-26T08:13:54","guid":{"rendered":"https:\/\/www.foragroup.eu\/sustainability\/"},"modified":"2023-09-11T12:44:56","modified_gmt":"2023-09-11T10:44:56","slug":"nachhaltigkeit","status":"publish","type":"page","link":"https:\/\/www.foragroup.eu\/de\/nachhaltigkeit\/","title":{"rendered":"Nachhaltigkeit"},"content":{"rendered":"[vc_row fullwidth=&#8220;true&#8220; equal_columns=&#8220;true&#8220; column_padding=&#8220;5&#8243; parallax=&#8220;content-moving&#8220; parallax_image=&#8220;5305&#8243;][vc_column width=&#8220;5\/12&#8243;][\/vc_column][vc_column width=&#8220;7\/12&#8243;][mk_padding_divider size=&#8220;133&#8243;][mk_fancy_title tag_name=&#8220;h1&#8243; color=&#8220;#1e1a34&#8243; size=&#8220;66&#8243; margin_bottom=&#8220;0&#8243; font_family=&#8220;none&#8220;]\n<p style=\"text-indent: 1em;\">a <strong>natural part<\/strong><\/p>\n[\/mk_fancy_title][mk_fancy_title tag_name=&#8220;h1&#8243; color=&#8220;#1e1a34&#8243; size=&#8220;66&#8243; margin_top=&#8220;-11&#8243; margin_bottom=&#8220;0&#8243; font_family=&#8220;none&#8220;]of our corporate conduct[\/mk_fancy_title][mk_padding_divider size=&#8220;133&#8243;][\/vc_column][\/vc_row][vc_row id=&#8220;CorporateSocialResponsability&#8220;][vc_column][mk_padding_divider size=&#8220;44&#8243;][mk_fancy_title tag_name=&#8220;h3&#8243; color=&#8220;#a3c962&#8243; size=&#8220;44&#8243; force_font_size=&#8220;true&#8220; size_tablet=&#8220;25&#8243; size_phone=&#8220;25&#8243; font_weight=&#8220;300&#8243; letter_spacing=&#8220;1&#8243; margin_top=&#8220;100&#8243; font_family=&#8220;none&#8220; animation=&#8220;bottom-to-top&#8220;]\n<p style=\"text-align: center;\">Soziale Verantwortung des Unternehmens<\/p>\n[\/mk_fancy_title][mk_fancy_title tag_name=&#8220;h4&#8243; color=&#8220;#553178&#8243; size=&#8220;22&#8243; line_height=&#8220;145&#8243; margin_bottom=&#8220;0&#8243; font_family=&#8220;none&#8220;]\n<p style=\"text-align: center;\">Wir betrachten die soziale Verantwortung des Unternehmens, der menschlichen Bed\u00fcrfnisse, der Umwelt und unserer Gesellschaft als Ganzes und als selbstverst\u00e4ndlichen Teil unseres gesamten unternehmerischen Handelns.<\/p>\n[\/mk_fancy_title][mk_padding_divider size=&#8220;11&#8243;][vc_column_text css=&#8220;.vc_custom_1694429081078{margin-bottom: 0px !important;}&#8220;]\n<p style=\"text-align: center;\">Dies entspricht unsrem Leitprinzip welches unsere Arbeitsweise, und zwar nicht nur in Bezug auf unsere Produkte, sondern auch in Bezug auf unsere interne Organisation, unser Umfeld und unsere Partnerschaften mit Lieferanten, darlegt. Wir Streben nach verantwortungsvollem Unternehmertum zu einem klaren, international anerkannten Grundsatz.<\/p>\n[\/vc_column_text][\/vc_column][\/vc_row][vc_row id=&#8220;Certificates&#8220; css=&#8220;.vc_custom_1580215880336{padding-top: 100px !important;padding-bottom: 100px !important;}&#8220;][vc_column][mk_fancy_title tag_name=&#8220;h3&#8243; size=&#8220;22&#8243; font_family=&#8220;none&#8220; align=&#8220;center&#8220;]\n<p style=\"text-align: center;\">Zertifikate in unserer Wertsch\u00f6pfungskette<\/p>\n[\/mk_fancy_title][vc_column_text]\n<p style=\"text-align: center;\">\n\t\t<style>\n\t\t\t#wpls-logo-showcase-slider-1 .wpls-fix-box,\n\t\t\t#wpls-logo-showcase-slider-1 .wpls-fix-box img.wp-post-image{max-height:250px; }\n\t\t<\/style>\n\n\t\t<div class=\"wpls-wrap wpls-logo-showcase-slider-wrp wpls-logo-clearfix wpls-design-1 \" data-conf=\"{&quot;slides_column&quot;:&quot;4&quot;,&quot;slides_scroll&quot;:1,&quot;dots&quot;:&quot;true&quot;,&quot;arrows&quot;:&quot;true&quot;,&quot;autoplay&quot;:&quot;true&quot;,&quot;autoplay_interval&quot;:3000,&quot;loop&quot;:&quot;true&quot;,&quot;rtl&quot;:&quot;false&quot;,&quot;speed&quot;:800,&quot;center_mode&quot;:&quot;false&quot;,&quot;lazyload&quot;:&quot;&quot;}\">\n\t\t\t<div class=\"wpls-logo-showcase logo_showcase wpls-logo-slider  sliderimage_hide_border \" id=\"wpls-logo-showcase-slider-1\" >\n\t\t\t\t<div class=\"wpls-logo-cnt\">\n\t<div class=\"wpls-fix-box\">\n\t\t\t\t<img class=\"wp-post-image\"  src=\"https:\/\/www.foragroup.eu\/wp-content\/uploads\/2020\/02\/amfori-blauw.png\" alt=\"\" \/>\n\t\t\t<\/div>\n\t<\/div><div class=\"wpls-logo-cnt\">\n\t<div class=\"wpls-fix-box\">\n\t\t\t\t<img class=\"wp-post-image\"  src=\"https:\/\/www.foragroup.eu\/wp-content\/uploads\/2020\/04\/seedling-7p2225-blauw.png\" alt=\"\" \/>\n\t\t\t<\/div>\n\t<\/div><div class=\"wpls-logo-cnt\">\n\t<div class=\"wpls-fix-box\">\n\t\t\t\t<img class=\"wp-post-image\"  src=\"https:\/\/www.foragroup.eu\/wp-content\/uploads\/2020\/04\/seedling-7p0488-blauw.png\" alt=\"\" \/>\n\t\t\t<\/div>\n\t<\/div><div class=\"wpls-logo-cnt\">\n\t<div class=\"wpls-fix-box\">\n\t\t\t\t<img class=\"wp-post-image\"  src=\"https:\/\/www.foragroup.eu\/wp-content\/uploads\/2020\/04\/fsc-c159798-blauw.png\" alt=\"\" \/>\n\t\t\t<\/div>\n\t<\/div><div class=\"wpls-logo-cnt\">\n\t<div class=\"wpls-fix-box\">\n\t\t\t\t<img class=\"wp-post-image\"  src=\"https:\/\/www.foragroup.eu\/wp-content\/uploads\/2020\/04\/ifs-hcp-blauw2.png\" alt=\"\" \/>\n\t\t\t<\/div>\n\t<\/div><div class=\"wpls-logo-cnt\">\n\t<div class=\"wpls-fix-box\">\n\t\t\t\t<img class=\"wp-post-image\"  src=\"https:\/\/www.foragroup.eu\/wp-content\/uploads\/2020\/04\/iso-9001-blauw-new.png\" alt=\"\" \/>\n\t\t\t<\/div>\n\t<\/div><div class=\"wpls-logo-cnt\">\n\t<div class=\"wpls-fix-box\">\n\t\t\t\t<img class=\"wp-post-image\"  src=\"https:\/\/www.foragroup.eu\/wp-content\/uploads\/2020\/04\/ok-compost-home-0902-blauw.png\" alt=\"\" \/>\n\t\t\t<\/div>\n\t<\/div><div class=\"wpls-logo-cnt\">\n\t<div class=\"wpls-fix-box\">\n\t\t\t\t<img class=\"wp-post-image\"  src=\"https:\/\/www.foragroup.eu\/wp-content\/uploads\/2020\/04\/ok-compost-industrial-0902-blauw.png\" alt=\"\" \/>\n\t\t\t<\/div>\n\t<\/div>\t\t\t<\/div>\n\t\t<\/div>\n\n\t\t\n[\/vc_column_text][\/vc_column][\/vc_row][vc_row fullwidth=&#8220;true&#8220; equal_columns=&#8220;true&#8220; attached=&#8220;true&#8220; id=&#8220;Laboratory&#8220;][vc_column width=&#8220;1\/2&#8243;][mk_custom_box padding_vertical=&#8220;40&#8243; padding_horizental=&#8220;100&#8243; margin_bottom=&#8220;0&#8243; min_height=&#8220;600&#8243; bg_stretch=&#8220;false&#8220;][mk_fancy_title tag_name=&#8220;h3&#8243; color=&#8220;#a3c962&#8243; size=&#8220;44&#8243; force_font_size=&#8220;true&#8220; size_tablet=&#8220;25&#8243; size_phone=&#8220;25&#8243; font_weight=&#8220;300&#8243; letter_spacing=&#8220;1&#8243; margin_top=&#8220;100&#8243; font_family=&#8220;none&#8220; animation=&#8220;bottom-to-top&#8220;]Wirtschaftliche Nutzung von Rohstoffen[\/mk_fancy_title][mk_fancy_title tag_name=&#8220;h4&#8243; color=&#8220;#553178&#8243; size=&#8220;22&#8243; line_height=&#8220;145&#8243; font_family=&#8220;none&#8220;]\n<p style=\"text-align: left;\">Auf der Produktebene suchen wir immer nach der richtigen Mischung aus Qualit\u00e4t und Verbrauch.<\/p>\n[\/mk_fancy_title][vc_column_text css=&#8220;.vc_custom_1592991036187{margin-bottom: 0px !important;}&#8220;]Mehr erreichen durch weniger Verbrauch ist unser Ziel. In unseren eigenen Laboren untersuchen wir die Zusammensetzung der Produkt- und Verpackungsmaterialien, testen neue Materialien und f\u00fchren Qualit\u00e4tstests durch. Als Spezialisten im Bereich Folien und Beutel jeder Art sehen wir nat\u00fcrlich auch unsere Verantwortung, wirksame M\u00fcllvermeidung in der Lieferkette sicherzustellen. Unser Qualit\u00e4tsmanagement ist international anerkannt und zertifiziert durch ISO9001.<\/p>\n[\/vc_column_text][\/mk_custom_box][\/vc_column][vc_column width=&#8220;1\/2&#8243; css=&#8220;.vc_custom_1590568982836{margin-bottom: 0px !important;background-image: url(http:\/\/www.foragroup.eu\/wp-content\/uploads\/2020\/05\/pack-it-lab-2.jpg?id=3599) !important;background-position: center !important;background-repeat: no-repeat !important;background-size: cover !important;}&#8220;][\/vc_column][\/vc_row][vc_row fullwidth=&#8220;true&#8220; equal_columns=&#8220;true&#8220; attached=&#8220;true&#8220; id=&#8220;Laboratory&#8220;][vc_column width=&#8220;1\/2&#8243; css=&#8220;.vc_custom_1590755754684{margin-bottom: 0px !important;background-image: url(http:\/\/www.foragroup.eu\/wp-content\/uploads\/2020\/05\/responsible-supply-chains-2.jpg?id=3635) !important;background-position: center !important;background-repeat: no-repeat !important;background-size: cover !important;}&#8220;][\/vc_column][vc_column width=&#8220;1\/2&#8243;][mk_custom_box padding_vertical=&#8220;40&#8243; padding_horizental=&#8220;100&#8243; margin_bottom=&#8220;0&#8243; min_height=&#8220;600&#8243; bg_stretch=&#8220;false&#8220;][mk_fancy_title tag_name=&#8220;h3&#8243; color=&#8220;#a3c962&#8243; size=&#8220;44&#8243; force_font_size=&#8220;true&#8220; size_tablet=&#8220;25&#8243; size_phone=&#8220;25&#8243; font_weight=&#8220;300&#8243; letter_spacing=&#8220;1&#8243; margin_top=&#8220;100&#8243; font_family=&#8220;none&#8220; animation=&#8220;bottom-to-top&#8220;]Verantwortungsbewusste Lieferketten[\/mk_fancy_title][mk_fancy_title tag_name=&#8220;h4&#8243; color=&#8220;#553178&#8243; size=&#8220;22&#8243; line_height=&#8220;145&#8243; font_family=&#8220;none&#8220;]Einer der wichtigsten Pfeiler unseres Unternehmens ist die optimale Versorgungskette f\u00fcr unsere Kunden.[\/mk_fancy_title][vc_column_text css=&#8220;.vc_custom_1592991540000{margin-bottom: 0px !important;}&#8220;]Wir \u00fcbernehmen unsere Verantwortung in jedem Bereich dieser Kette, angefangen bei der Auswahl von zertifizierten und verantwortungsvollen internen und externen Produzenten. Unsere Eink\u00e4ufer und Kollegen des Qualit\u00e4tsmanagements besuchen regelm\u00e4\u00dfig unsere Zulieferer. Somit stellen wir sicher das wir ein Partner f\u00fcr Sie sind der eine verantwortungsvolle Lieferkette mit international anerkannten Arbeitsbedingungen garantiert.[\/vc_column_text][\/mk_custom_box][\/vc_column][\/vc_row][vc_row fullwidth=&#8220;true&#8220; equal_columns=&#8220;true&#8220; attached=&#8220;true&#8220; id=&#8220;Laboratory&#8220;][vc_column width=&#8220;1\/2&#8243;][mk_custom_box padding_vertical=&#8220;40&#8243; padding_horizental=&#8220;100&#8243; margin_bottom=&#8220;0&#8243; min_height=&#8220;600&#8243; bg_stretch=&#8220;false&#8220;][mk_fancy_title tag_name=&#8220;h3&#8243; color=&#8220;#a3c962&#8243; size=&#8220;44&#8243; force_font_size=&#8220;true&#8220; size_tablet=&#8220;25&#8243; size_phone=&#8220;25&#8243; font_weight=&#8220;300&#8243; letter_spacing=&#8220;1&#8243; margin_top=&#8220;100&#8243; font_family=&#8220;none&#8220; animation=&#8220;bottom-to-top&#8220;]Nachhaltige Produktinnovationen[\/mk_fancy_title][mk_fancy_title tag_name=&#8220;h4&#8243; color=&#8220;#553178&#8243; size=&#8220;22&#8243; line_height=&#8220;145&#8243; font_family=&#8220;none&#8220; responsive_align=&#8220;left&#8220;]Mit unseren Produkten wollen wir die Verbraucher inspirieren und dazu ermutigen, (Lebensmittel)abf\u00e4lle bewusster zu handhaben. Es ist auch unsere Verantwortung dem Kunden und der Umwelt gegen\u00fcber nach nachhaltigen Produkten und Innovationen zu suchen.[\/mk_fancy_title][vc_column_text css=&#8220;.vc_custom_1592991312332{margin-bottom: 0px !important;}&#8220;]Vor kurzem haben wir die Marke SophieGreen in unser Portfolio aufgenommen. Es ist eine intelligente Innovation und Alternatieve zu den jetzigen Produkten und die Kunststoffabf\u00e4lle reduziert. SophieGreen ist ein umweltfreundlicher Reiniger in Form einer \u00d6konomischen-Nachf\u00fcllpackung. Ein konzentriertes, zu 99,9% biologisch abbaubares Pulver, das sich mit 750 ml Wasser in ein kraftvolles und frisches Reinigungsprodukt verwandelt. Dank der kunststofffreien Nachf\u00fcllungen k\u00f6nnen Sie Ihre Reinigungsflasche wiederverwenden. Das spart den Verbrauch an Plastikflaschen! F\u00fcr mehr Information: <a href=\"http:\/\/www.sophiegreen.nl\"><strong>www.sophiegreen.nl<\/strong><\/a>[\/vc_column_text][\/mk_custom_box][\/vc_column][vc_column width=&#8220;1\/2&#8243; css=&#8220;.vc_custom_1592303426792{margin-bottom: 0px !important;background-position: center !important;background-repeat: no-repeat !important;background-size: cover !important;}&#8220;][vc_empty_space height=&#8220;200px&#8220;][vc_single_image image=&#8220;3740&#8243; img_size=&#8220;full&#8220; alignment=&#8220;center&#8220;][\/vc_column][\/vc_row]\n","protected":false},"excerpt":{"rendered":"<p>[vc_row fullwidth=&#8220;true&#8220; equal_columns=&#8220;true&#8220; column_padding=&#8220;5&#8243; parallax=&#8220;content-moving&#8220; parallax_image=&#8220;5305&#8243;][vc_column width=&#8220;5\/12&#8243;][\/vc_column][vc_column width=&#8220;7\/12&#8243;][mk_padding_divider size=&#8220;133&#8243;][mk_fancy_title tag_name=&#8220;h1&#8243; color=&#8220;#1e1a34&#8243; size=&#8220;66&#8243; margin_bottom=&#8220;0&#8243; font_family=&#8220;none&#8220;] a natural part [\/mk_fancy_title][mk_fancy_title tag_name=&#8220;h1&#8243; color=&#8220;#1e1a34&#8243; size=&#8220;66&#8243; margin_top=&#8220;-11&#8243; margin_bottom=&#8220;0&#8243; font_family=&#8220;none&#8220;]of our corporate conduct[\/mk_fancy_title][mk_padding_divider size=&#8220;133&#8243;][\/vc_column][\/vc_row][vc_row id=&#8220;CorporateSocialResponsability&#8220;][vc_column][mk_padding_divider size=&#8220;44&#8243;][mk_fancy_title tag_name=&#8220;h3&#8243; color=&#8220;#a3c962&#8243; size=&#8220;44&#8243; force_font_size=&#8220;true&#8220; size_tablet=&#8220;25&#8243; size_phone=&#8220;25&#8243; font_weight=&#8220;300&#8243; letter_spacing=&#8220;1&#8243; margin_top=&#8220;100&#8243; font_family=&#8220;none&#8220; animation=&#8220;bottom-to-top&#8220;] Soziale Verantwortung des Unternehmens [\/mk_fancy_title][mk_fancy_title tag_name=&#8220;h4&#8243; color=&#8220;#553178&#8243; size=&#8220;22&#8243; line_height=&#8220;145&#8243; margin_bottom=&#8220;0&#8243; font_family=&#8220;none&#8220;] Wir betrachten die [&hellip;]<\/p>\n","protected":false},"author":3,"featured_media":0,"parent":0,"menu_order":38,"comment_status":"closed","ping_status":"closed","template":"","meta":{"inline_featured_image":false,"footnotes":""},"yoast_head":"<!-- This site is optimized with the Yoast SEO plugin v21.8 - https:\/\/yoast.com\/wordpress\/plugins\/seo\/ -->\n<title>Nachhaltigkeit - FORA<\/title>\n<meta name=\"robots\" content=\"index, follow, max-snippet:-1, max-image-preview:large, max-video-preview:-1\" \/>\n<link rel=\"canonical\" href=\"https:\/\/www.foragroup.eu\/de\/nachhaltigkeit\/\" \/>\n<meta property=\"og:locale\" content=\"de_DE\" \/>\n<meta property=\"og:type\" content=\"article\" \/>\n<meta property=\"og:title\" content=\"Nachhaltigkeit - FORA\" \/>\n<meta property=\"og:description\" content=\"[vc_row fullwidth=&#8220;true&#8220; equal_columns=&#8220;true&#8220; column_padding=&#8220;5&#8243; parallax=&#8220;content-moving&#8220; parallax_image=&#8220;5305&#8243;][vc_column width=&#8220;5\/12&#8243;][\/vc_column][vc_column width=&#8220;7\/12&#8243;][mk_padding_divider size=&#8220;133&#8243;][mk_fancy_title tag_name=&#8220;h1&#8243; color=&#8220;#1e1a34&#8243; size=&#8220;66&#8243; margin_bottom=&#8220;0&#8243; font_family=&#8220;none&#8220;] a natural part [\/mk_fancy_title][mk_fancy_title tag_name=&#8220;h1&#8243; color=&#8220;#1e1a34&#8243; size=&#8220;66&#8243; margin_top=&#8220;-11&#8243; margin_bottom=&#8220;0&#8243; font_family=&#8220;none&#8220;]of our corporate conduct[\/mk_fancy_title][mk_padding_divider size=&#8220;133&#8243;][\/vc_column][\/vc_row][vc_row id=&#8220;CorporateSocialResponsability&#8220;][vc_column][mk_padding_divider size=&#8220;44&#8243;][mk_fancy_title tag_name=&#8220;h3&#8243; color=&#8220;#a3c962&#8243; size=&#8220;44&#8243; force_font_size=&#8220;true&#8220; size_tablet=&#8220;25&#8243; size_phone=&#8220;25&#8243; font_weight=&#8220;300&#8243; letter_spacing=&#8220;1&#8243; margin_top=&#8220;100&#8243; font_family=&#8220;none&#8220; animation=&#8220;bottom-to-top&#8220;] Soziale Verantwortung des Unternehmens [\/mk_fancy_title][mk_fancy_title tag_name=&#8220;h4&#8243; color=&#8220;#553178&#8243; size=&#8220;22&#8243; line_height=&#8220;145&#8243; margin_bottom=&#8220;0&#8243; font_family=&#8220;none&#8220;] Wir betrachten die [&hellip;]\" \/>\n<meta property=\"og:url\" content=\"https:\/\/www.foragroup.eu\/de\/nachhaltigkeit\/\" \/>\n<meta property=\"og:site_name\" content=\"FORA\" \/>\n<meta property=\"article:modified_time\" content=\"2023-09-11T10:44:56+00:00\" \/>\n<meta name=\"twitter:label1\" content=\"Gesch\u00e4tzte Lesezeit\" \/>\n\t<meta name=\"twitter:data1\" content=\"3\u00a0Minuten\" \/>\n<script type=\"application\/ld+json\" class=\"yoast-schema-graph\">{\"@context\":\"https:\/\/schema.org\",\"@graph\":[{\"@type\":\"WebPage\",\"@id\":\"https:\/\/www.foragroup.eu\/de\/nachhaltigkeit\/\",\"url\":\"https:\/\/www.foragroup.eu\/de\/nachhaltigkeit\/\",\"name\":\"Nachhaltigkeit - FORA\",\"isPartOf\":{\"@id\":\"https:\/\/www.foragroup.eu\/de\/#website\"},\"datePublished\":\"2017-06-26T08:13:54+00:00\",\"dateModified\":\"2023-09-11T10:44:56+00:00\",\"breadcrumb\":{\"@id\":\"https:\/\/www.foragroup.eu\/de\/nachhaltigkeit\/#breadcrumb\"},\"inLanguage\":\"de\",\"potentialAction\":[{\"@type\":\"ReadAction\",\"target\":[\"https:\/\/www.foragroup.eu\/de\/nachhaltigkeit\/\"]}]},{\"@type\":\"BreadcrumbList\",\"@id\":\"https:\/\/www.foragroup.eu\/de\/nachhaltigkeit\/#breadcrumb\",\"itemListElement\":[{\"@type\":\"ListItem\",\"position\":1,\"name\":\"Home\",\"item\":\"https:\/\/www.foragroup.eu\/de\/\"},{\"@type\":\"ListItem\",\"position\":2,\"name\":\"Nachhaltigkeit\"}]},{\"@type\":\"WebSite\",\"@id\":\"https:\/\/www.foragroup.eu\/de\/#website\",\"url\":\"https:\/\/www.foragroup.eu\/de\/\",\"name\":\"FORA\",\"description\":\"Hoogwaardige verpakkingen en disposables\",\"potentialAction\":[{\"@type\":\"SearchAction\",\"target\":{\"@type\":\"EntryPoint\",\"urlTemplate\":\"https:\/\/www.foragroup.eu\/de\/?s={search_term_string}\"},\"query-input\":\"required name=search_term_string\"}],\"inLanguage\":\"de\"}]}<\/script>\n<!-- \/ Yoast SEO plugin. -->","yoast_head_json":{"title":"Nachhaltigkeit - FORA","robots":{"index":"index","follow":"follow","max-snippet":"max-snippet:-1","max-image-preview":"max-image-preview:large","max-video-preview":"max-video-preview:-1"},"canonical":"https:\/\/www.foragroup.eu\/de\/nachhaltigkeit\/","og_locale":"de_DE","og_type":"article","og_title":"Nachhaltigkeit - FORA","og_description":"[vc_row fullwidth=&#8220;true&#8220; equal_columns=&#8220;true&#8220; column_padding=&#8220;5&#8243; parallax=&#8220;content-moving&#8220; parallax_image=&#8220;5305&#8243;][vc_column width=&#8220;5\/12&#8243;][\/vc_column][vc_column width=&#8220;7\/12&#8243;][mk_padding_divider size=&#8220;133&#8243;][mk_fancy_title tag_name=&#8220;h1&#8243; color=&#8220;#1e1a34&#8243; size=&#8220;66&#8243; margin_bottom=&#8220;0&#8243; font_family=&#8220;none&#8220;] a natural part [\/mk_fancy_title][mk_fancy_title tag_name=&#8220;h1&#8243; color=&#8220;#1e1a34&#8243; size=&#8220;66&#8243; margin_top=&#8220;-11&#8243; margin_bottom=&#8220;0&#8243; font_family=&#8220;none&#8220;]of our corporate conduct[\/mk_fancy_title][mk_padding_divider size=&#8220;133&#8243;][\/vc_column][\/vc_row][vc_row id=&#8220;CorporateSocialResponsability&#8220;][vc_column][mk_padding_divider size=&#8220;44&#8243;][mk_fancy_title tag_name=&#8220;h3&#8243; color=&#8220;#a3c962&#8243; size=&#8220;44&#8243; force_font_size=&#8220;true&#8220; size_tablet=&#8220;25&#8243; size_phone=&#8220;25&#8243; font_weight=&#8220;300&#8243; letter_spacing=&#8220;1&#8243; margin_top=&#8220;100&#8243; font_family=&#8220;none&#8220; animation=&#8220;bottom-to-top&#8220;] Soziale Verantwortung des Unternehmens [\/mk_fancy_title][mk_fancy_title tag_name=&#8220;h4&#8243; color=&#8220;#553178&#8243; size=&#8220;22&#8243; line_height=&#8220;145&#8243; margin_bottom=&#8220;0&#8243; font_family=&#8220;none&#8220;] Wir betrachten die [&hellip;]","og_url":"https:\/\/www.foragroup.eu\/de\/nachhaltigkeit\/","og_site_name":"FORA","article_modified_time":"2023-09-11T10:44:56+00:00","twitter_misc":{"Gesch\u00e4tzte Lesezeit":"3\u00a0Minuten"},"schema":{"@context":"https:\/\/schema.org","@graph":[{"@type":"WebPage","@id":"https:\/\/www.foragroup.eu\/de\/nachhaltigkeit\/","url":"https:\/\/www.foragroup.eu\/de\/nachhaltigkeit\/","name":"Nachhaltigkeit - FORA","isPartOf":{"@id":"https:\/\/www.foragroup.eu\/de\/#website"},"datePublished":"2017-06-26T08:13:54+00:00","dateModified":"2023-09-11T10:44:56+00:00","breadcrumb":{"@id":"https:\/\/www.foragroup.eu\/de\/nachhaltigkeit\/#breadcrumb"},"inLanguage":"de","potentialAction":[{"@type":"ReadAction","target":["https:\/\/www.foragroup.eu\/de\/nachhaltigkeit\/"]}]},{"@type":"BreadcrumbList","@id":"https:\/\/www.foragroup.eu\/de\/nachhaltigkeit\/#breadcrumb","itemListElement":[{"@type":"ListItem","position":1,"name":"Home","item":"https:\/\/www.foragroup.eu\/de\/"},{"@type":"ListItem","position":2,"name":"Nachhaltigkeit"}]},{"@type":"WebSite","@id":"https:\/\/www.foragroup.eu\/de\/#website","url":"https:\/\/www.foragroup.eu\/de\/","name":"FORA","description":"Hoogwaardige verpakkingen en disposables","potentialAction":[{"@type":"SearchAction","target":{"@type":"EntryPoint","urlTemplate":"https:\/\/www.foragroup.eu\/de\/?s={search_term_string}"},"query-input":"required name=search_term_string"}],"inLanguage":"de"}]}},"_links":{"self":[{"href":"https:\/\/www.foragroup.eu\/de\/wp-json\/wp\/v2\/pages\/3868"}],"collection":[{"href":"https:\/\/www.foragroup.eu\/de\/wp-json\/wp\/v2\/pages"}],"about":[{"href":"https:\/\/www.foragroup.eu\/de\/wp-json\/wp\/v2\/types\/page"}],"author":[{"embeddable":true,"href":"https:\/\/www.foragroup.eu\/de\/wp-json\/wp\/v2\/users\/3"}],"replies":[{"embeddable":true,"href":"https:\/\/www.foragroup.eu\/de\/wp-json\/wp\/v2\/comments?post=3868"}],"version-history":[{"count":13,"href":"https:\/\/www.foragroup.eu\/de\/wp-json\/wp\/v2\/pages\/3868\/revisions"}],"predecessor-version":[{"id":5936,"href":"https:\/\/www.foragroup.eu\/de\/wp-json\/wp\/v2\/pages\/3868\/revisions\/5936"}],"wp:attachment":[{"href":"https:\/\/www.foragroup.eu\/de\/wp-json\/wp\/v2\/media?parent=3868"}],"curies":[{"name":"wp","href":"https:\/\/api.w.org\/{rel}","templated":true}]}}