{"id":3898,"date":"2017-06-26T10:13:54","date_gmt":"2017-06-26T08:13:54","guid":{"rendered":"https:\/\/www.foragroup.eu\/sustainability\/"},"modified":"2022-07-18T15:36:09","modified_gmt":"2022-07-18T13:36:09","slug":"durabilite","status":"publish","type":"page","link":"https:\/\/www.foragroup.eu\/fr\/durabilite\/","title":{"rendered":"Durabilit\u00e9"},"content":{"rendered":"[vc_row fullwidth=\u00a0\u00bbtrue\u00a0\u00bb equal_columns=\u00a0\u00bbtrue\u00a0\u00bb column_padding=\u00a0\u00bb5&Prime; parallax=\u00a0\u00bbcontent-moving\u00a0\u00bb parallax_image=\u00a0\u00bb5304&Prime;][vc_column width=\u00a0\u00bb5\/12&Prime;][\/vc_column][vc_column width=\u00a0\u00bb7\/12&Prime;][mk_padding_divider size=\u00a0\u00bb133&Prime;][mk_fancy_title tag_name=\u00a0\u00bbh1&Prime; color=\u00a0\u00bb#1e1a34&Prime; size=\u00a0\u00bb66&Prime; margin_bottom=\u00a0\u00bb0&Prime; font_family=\u00a0\u00bbnone\u00a0\u00bb]\n<p style=\"text-indent: 1em;\">a <strong>natural part<\/strong><\/p>\n[\/mk_fancy_title][mk_fancy_title tag_name=\u00a0\u00bbh1&Prime; color=\u00a0\u00bb#1e1a34&Prime; size=\u00a0\u00bb66&Prime; margin_top=\u00a0\u00bb-11&Prime; margin_bottom=\u00a0\u00bb0&Prime; font_family=\u00a0\u00bbnone\u00a0\u00bb]of our corporate conduct[\/mk_fancy_title][mk_padding_divider size=\u00a0\u00bb133&Prime;][\/vc_column][\/vc_row][vc_row id=\u00a0\u00bbCorporateSocialResponsability\u00a0\u00bb][vc_column][mk_padding_divider size=\u00a0\u00bb44&Prime;][mk_fancy_title tag_name=\u00a0\u00bbh3&Prime; color=\u00a0\u00bb#a3c962&Prime; size=\u00a0\u00bb44&Prime; force_font_size=\u00a0\u00bbtrue\u00a0\u00bb size_tablet=\u00a0\u00bb25&Prime; size_phone=\u00a0\u00bb25&Prime; font_weight=\u00a0\u00bb300&Prime; letter_spacing=\u00a0\u00bb1&Prime; margin_top=\u00a0\u00bb100&Prime; font_family=\u00a0\u00bbnone\u00a0\u00bb animation=\u00a0\u00bbbottom-to-top\u00a0\u00bb]\n<p style=\"text-align: center;\">Responsabilit\u00e9 sociale des entreprises<\/p>\n[\/mk_fancy_title][mk_fancy_title tag_name=\u00a0\u00bbh4&Prime; color=\u00a0\u00bb#553178&Prime; size=\u00a0\u00bb22&Prime; line_height=\u00a0\u00bb145&Prime; margin_bottom=\u00a0\u00bb0&Prime; font_family=\u00a0\u00bbnone\u00a0\u00bb]\n<p style=\"text-align: center;\">Notre entreprise responsable est tr\u00e8s orient\u00e9e autour des besoins des personnes et du respect de \u00a0l\u2019environnement.<\/p>\n[\/mk_fancy_title][mk_padding_divider size=\u00a0\u00bb11&Prime;][vc_column_text css=\u00a0\u00bb.vc_custom_1592997983265{margin-bottom: 0px !important;}\u00a0\u00bb]\n<p style=\"text-align: center;\">Ce principe directeur est notre fa\u00e7on de travailler, non seulement au niveau des produits mais encore aussi au sein de notre organisation et de nos relations avec nos partenariats.<\/p>\n[\/vc_column_text][\/vc_column][\/vc_row][vc_row id=\u00a0\u00bbCertificates\u00a0\u00bb css=\u00a0\u00bb.vc_custom_1580215880336{padding-top: 100px !important;padding-bottom: 100px !important;}\u00a0\u00bb][vc_column][mk_fancy_title tag_name=\u00a0\u00bbh3&Prime; size=\u00a0\u00bb22&Prime; font_family=\u00a0\u00bbnone\u00a0\u00bb align=\u00a0\u00bbcenter\u00a0\u00bb]Certificats dans notre cha\u00eene de valeur[\/mk_fancy_title][vc_column_text]\n<p style=\"text-align: center;\">\n\t\t<style>\n\t\t\t#wpls-logo-showcase-slider-1 .wpls-fix-box,\n\t\t\t#wpls-logo-showcase-slider-1 .wpls-fix-box img.wp-post-image{max-height:250px; }\n\t\t<\/style>\n\n\t\t<div class=\"wpls-wrap wpls-logo-showcase-slider-wrp wpls-logo-clearfix wpls-design-1 \" data-conf=\"{&quot;slides_column&quot;:&quot;4&quot;,&quot;slides_scroll&quot;:1,&quot;dots&quot;:&quot;true&quot;,&quot;arrows&quot;:&quot;true&quot;,&quot;autoplay&quot;:&quot;true&quot;,&quot;autoplay_interval&quot;:3000,&quot;loop&quot;:&quot;true&quot;,&quot;rtl&quot;:&quot;false&quot;,&quot;speed&quot;:800,&quot;center_mode&quot;:&quot;false&quot;,&quot;lazyload&quot;:&quot;&quot;}\">\n\t\t\t<div class=\"wpls-logo-showcase logo_showcase wpls-logo-slider  sliderimage_hide_border \" id=\"wpls-logo-showcase-slider-1\" >\n\t\t\t\t<div class=\"wpls-logo-cnt\">\n\t<div class=\"wpls-fix-box\">\n\t\t\t\t<img class=\"wp-post-image\"  src=\"https:\/\/www.foragroup.eu\/wp-content\/uploads\/2020\/02\/amfori-blauw.png\" alt=\"\" \/>\n\t\t\t<\/div>\n\t<\/div><div class=\"wpls-logo-cnt\">\n\t<div class=\"wpls-fix-box\">\n\t\t\t\t<img class=\"wp-post-image\"  src=\"https:\/\/www.foragroup.eu\/wp-content\/uploads\/2020\/04\/seedling-7p2225-blauw.png\" alt=\"\" \/>\n\t\t\t<\/div>\n\t<\/div><div class=\"wpls-logo-cnt\">\n\t<div class=\"wpls-fix-box\">\n\t\t\t\t<img class=\"wp-post-image\"  src=\"https:\/\/www.foragroup.eu\/wp-content\/uploads\/2020\/04\/seedling-7p0488-blauw.png\" alt=\"\" \/>\n\t\t\t<\/div>\n\t<\/div><div class=\"wpls-logo-cnt\">\n\t<div class=\"wpls-fix-box\">\n\t\t\t\t<img class=\"wp-post-image\"  src=\"https:\/\/www.foragroup.eu\/wp-content\/uploads\/2020\/04\/fsc-c159798-blauw.png\" alt=\"\" \/>\n\t\t\t<\/div>\n\t<\/div><div class=\"wpls-logo-cnt\">\n\t<div class=\"wpls-fix-box\">\n\t\t\t\t<img class=\"wp-post-image\"  src=\"https:\/\/www.foragroup.eu\/wp-content\/uploads\/2020\/04\/ifs-hcp-blauw2.png\" alt=\"\" \/>\n\t\t\t<\/div>\n\t<\/div><div class=\"wpls-logo-cnt\">\n\t<div class=\"wpls-fix-box\">\n\t\t\t\t<img class=\"wp-post-image\"  src=\"https:\/\/www.foragroup.eu\/wp-content\/uploads\/2020\/04\/iso-9001-blauw-new.png\" alt=\"\" \/>\n\t\t\t<\/div>\n\t<\/div><div class=\"wpls-logo-cnt\">\n\t<div class=\"wpls-fix-box\">\n\t\t\t\t<img class=\"wp-post-image\"  src=\"https:\/\/www.foragroup.eu\/wp-content\/uploads\/2020\/04\/ok-compost-home-0902-blauw.png\" alt=\"\" \/>\n\t\t\t<\/div>\n\t<\/div><div class=\"wpls-logo-cnt\">\n\t<div class=\"wpls-fix-box\">\n\t\t\t\t<img class=\"wp-post-image\"  src=\"https:\/\/www.foragroup.eu\/wp-content\/uploads\/2020\/04\/ok-compost-industrial-0902-blauw.png\" alt=\"\" \/>\n\t\t\t<\/div>\n\t<\/div>\t\t\t<\/div>\n\t\t<\/div>\n\n\t\t\n[\/vc_column_text][\/vc_column][\/vc_row][vc_row fullwidth=\u00a0\u00bbtrue\u00a0\u00bb equal_columns=\u00a0\u00bbtrue\u00a0\u00bb attached=\u00a0\u00bbtrue\u00a0\u00bb id=\u00a0\u00bbLaboratory\u00a0\u00bb][vc_column width=\u00a0\u00bb1\/2&Prime;][mk_custom_box padding_vertical=\u00a0\u00bb40&Prime; padding_horizental=\u00a0\u00bb100&Prime; margin_bottom=\u00a0\u00bb0&Prime; min_height=\u00a0\u00bb600&Prime; bg_stretch=\u00a0\u00bbfalse\u00a0\u00bb][mk_fancy_title tag_name=\u00a0\u00bbh3&Prime; color=\u00a0\u00bb#a3c962&Prime; size=\u00a0\u00bb44&Prime; force_font_size=\u00a0\u00bbtrue\u00a0\u00bb size_tablet=\u00a0\u00bb25&Prime; size_phone=\u00a0\u00bb25&Prime; font_weight=\u00a0\u00bb300&Prime; letter_spacing=\u00a0\u00bb1&Prime; margin_top=\u00a0\u00bb100&Prime; font_family=\u00a0\u00bbnone\u00a0\u00bb animation=\u00a0\u00bbbottom-to-top\u00a0\u00bb]Utilisation efficace des mat\u00e9riaux[\/mk_fancy_title][mk_fancy_title tag_name=\u00a0\u00bbh4&Prime; color=\u00a0\u00bb#553178&Prime; size=\u00a0\u00bb22&Prime; line_height=\u00a0\u00bb145&Prime; font_family=\u00a0\u00bbnone\u00a0\u00bb]Nous recherchons toujours le bon \u00e9quilibre entre qualit\u00e9 et utilisation des mat\u00e9riaux pour le produit.[\/mk_fancy_title][vc_column_text css=\u00a0\u00bb.vc_custom_1592998138208{margin-bottom: 0px !important;}\u00a0\u00bb]Faire plus avec moins, c\u2019est notre objectif. Dans notre propre laboratoire, nous analysons et testons la composition des mat\u00e9riaux et des emballages. En tant que sp\u00e9cialiste de films alimentaires, nous estimons \u00e9galement qu\u2019il est de notre responsabilit\u00e9 d\u2019assurer une gestion efficace des d\u00e9chets tout au long de la cha\u00eene d\u2019approvisionnement. Nous sommes certifi\u00e9s ISO 9001.[\/vc_column_text][\/mk_custom_box][\/vc_column][vc_column width=\u00a0\u00bb1\/2&Prime; css=\u00a0\u00bb.vc_custom_1590568982836{margin-bottom: 0px !important;background-image: url(http:\/\/www.foragroup.eu\/wp-content\/uploads\/2020\/05\/pack-it-lab-2.jpg?id=3599) !important;background-position: center !important;background-repeat: no-repeat !important;background-size: cover !important;}\u00a0\u00bb][\/vc_column][\/vc_row][vc_row fullwidth=\u00a0\u00bbtrue\u00a0\u00bb equal_columns=\u00a0\u00bbtrue\u00a0\u00bb attached=\u00a0\u00bbtrue\u00a0\u00bb id=\u00a0\u00bbLaboratory\u00a0\u00bb][vc_column width=\u00a0\u00bb1\/2&Prime; css=\u00a0\u00bb.vc_custom_1590755754684{margin-bottom: 0px !important;background-image: url(http:\/\/www.foragroup.eu\/wp-content\/uploads\/2020\/05\/responsible-supply-chains-2.jpg?id=3635) !important;background-position: center !important;background-repeat: no-repeat !important;background-size: cover !important;}\u00a0\u00bb][\/vc_column][vc_column width=\u00a0\u00bb1\/2&Prime;][mk_custom_box padding_vertical=\u00a0\u00bb40&Prime; padding_horizental=\u00a0\u00bb100&Prime; margin_bottom=\u00a0\u00bb0&Prime; min_height=\u00a0\u00bb600&Prime; bg_stretch=\u00a0\u00bbfalse\u00a0\u00bb][mk_fancy_title tag_name=\u00a0\u00bbh3&Prime; color=\u00a0\u00bb#a3c962&Prime; size=\u00a0\u00bb44&Prime; force_font_size=\u00a0\u00bbtrue\u00a0\u00bb size_tablet=\u00a0\u00bb25&Prime; size_phone=\u00a0\u00bb25&Prime; font_weight=\u00a0\u00bb300&Prime; letter_spacing=\u00a0\u00bb1&Prime; margin_top=\u00a0\u00bb100&Prime; font_family=\u00a0\u00bbnone\u00a0\u00bb animation=\u00a0\u00bbbottom-to-top\u00a0\u00bb]Cha\u00eenes d\u2019approvisionnement responsable[\/mk_fancy_title][mk_fancy_title tag_name=\u00a0\u00bbh4&Prime; color=\u00a0\u00bb#553178&Prime; size=\u00a0\u00bb22&Prime; line_height=\u00a0\u00bb145&Prime; font_family=\u00a0\u00bbnone\u00a0\u00bb align=\u00a0\u00bbcenter\u00a0\u00bb]\n<p style=\"text-align: left;\">L\u2019un des piliers de notre organisation est la gestion optimale de la cha\u00eene d\u2019approvisionnement pour nos clients.<\/p>\n[\/mk_fancy_title][vc_column_text align=\u00a0\u00bbcenter\u00a0\u00bb css=\u00a0\u00bb.vc_custom_1592998202150{margin-bottom: 0px !important;}\u00a0\u00bb]Nous prenons en compte notre responsabilit\u00e9 dans chaque \u00e9tape de la cha\u00eene.\u00a0 Nos d\u00e9partements Approvisionnement et Qualit\u00e9 visitent fr\u00e9quemment nos fournisseurs. L\u2019assurance que notre entreprise est socialement responsable, en conformit\u00e9 avec les normes du travail internationales.[\/vc_column_text][\/mk_custom_box][\/vc_column][\/vc_row][vc_row fullwidth=\u00a0\u00bbtrue\u00a0\u00bb equal_columns=\u00a0\u00bbtrue\u00a0\u00bb attached=\u00a0\u00bbtrue\u00a0\u00bb id=\u00a0\u00bbLaboratory\u00a0\u00bb][vc_column width=\u00a0\u00bb1\/2&Prime;][mk_custom_box padding_vertical=\u00a0\u00bb40&Prime; padding_horizental=\u00a0\u00bb100&Prime; margin_bottom=\u00a0\u00bb0&Prime; min_height=\u00a0\u00bb600&Prime; bg_stretch=\u00a0\u00bbfalse\u00a0\u00bb][mk_fancy_title tag_name=\u00a0\u00bbh3&Prime; color=\u00a0\u00bb#a3c962&Prime; size=\u00a0\u00bb44&Prime; force_font_size=\u00a0\u00bbtrue\u00a0\u00bb size_tablet=\u00a0\u00bb25&Prime; size_phone=\u00a0\u00bb25&Prime; font_weight=\u00a0\u00bb300&Prime; letter_spacing=\u00a0\u00bb1&Prime; margin_top=\u00a0\u00bb100&Prime; font_family=\u00a0\u00bbnone\u00a0\u00bb animation=\u00a0\u00bbbottom-to-top\u00a0\u00bb]Innovations de produits durables[\/mk_fancy_title][mk_fancy_title tag_name=\u00a0\u00bbh4&Prime; color=\u00a0\u00bb#553178&Prime; size=\u00a0\u00bb22&Prime; line_height=\u00a0\u00bb145&Prime; font_family=\u00a0\u00bbnone\u00a0\u00bb responsive_align=\u00a0\u00bbleft\u00a0\u00bb]Avec nos produits, nous souhaitons attirer les consommateurs \u00e0 la gestion des d\u00e9chets. Nous estimons qu&rsquo;il est de notre responsabilit\u00e9 de nous approvisionner en produits et innovations durables.[\/mk_fancy_title][vc_column_text css=\u00a0\u00bb.vc_custom_1592998262942{margin-bottom: 0px !important;}\u00a0\u00bb]Recently we added the brand SophieGreen to our portfolio, a keen innovation that reduces plastic waste. SophieGreen is a smart nature-friendly home cleaner in the form of an eco-refill. A concentrated, 99,9% biodegradable powder that, with 750 ml of water from your own tap, turns into a powerful and fresh cleaning product The plastic-free refills allow you to keep reusing your cleaning bottle. That saves a lot of plastic bottles! Find out more at <a href=\"http:\/\/www.sophiegreen.nl\/\">www.sophiegreen.nl<\/a>[\/vc_column_text][\/mk_custom_box][\/vc_column][vc_column width=\u00a0\u00bb1\/2&Prime; css=\u00a0\u00bb.vc_custom_1592303426792{margin-bottom: 0px !important;background-position: center !important;background-repeat: no-repeat !important;background-size: cover !important;}\u00a0\u00bb][vc_empty_space height=\u00a0\u00bb200px\u00a0\u00bb][vc_single_image image=\u00a0\u00bb3740&Prime; img_size=\u00a0\u00bbfull\u00a0\u00bb alignment=\u00a0\u00bbcenter\u00a0\u00bb][\/vc_column][\/vc_row]\n","protected":false},"excerpt":{"rendered":"<p>[vc_row fullwidth=\u00a0\u00bbtrue\u00a0\u00bb equal_columns=\u00a0\u00bbtrue\u00a0\u00bb column_padding=\u00a0\u00bb5&Prime; parallax=\u00a0\u00bbcontent-moving\u00a0\u00bb parallax_image=\u00a0\u00bb5304&Prime;][vc_column width=\u00a0\u00bb5\/12&Prime;][\/vc_column][vc_column width=\u00a0\u00bb7\/12&Prime;][mk_padding_divider size=\u00a0\u00bb133&Prime;][mk_fancy_title tag_name=\u00a0\u00bbh1&Prime; color=\u00a0\u00bb#1e1a34&Prime; size=\u00a0\u00bb66&Prime; margin_bottom=\u00a0\u00bb0&Prime; font_family=\u00a0\u00bbnone\u00a0\u00bb] a natural part [\/mk_fancy_title][mk_fancy_title tag_name=\u00a0\u00bbh1&Prime; color=\u00a0\u00bb#1e1a34&Prime; size=\u00a0\u00bb66&Prime; margin_top=\u00a0\u00bb-11&Prime; margin_bottom=\u00a0\u00bb0&Prime; font_family=\u00a0\u00bbnone\u00a0\u00bb]of our corporate conduct[\/mk_fancy_title][mk_padding_divider size=\u00a0\u00bb133&Prime;][\/vc_column][\/vc_row][vc_row id=\u00a0\u00bbCorporateSocialResponsability\u00a0\u00bb][vc_column][mk_padding_divider size=\u00a0\u00bb44&Prime;][mk_fancy_title tag_name=\u00a0\u00bbh3&Prime; color=\u00a0\u00bb#a3c962&Prime; size=\u00a0\u00bb44&Prime; force_font_size=\u00a0\u00bbtrue\u00a0\u00bb size_tablet=\u00a0\u00bb25&Prime; size_phone=\u00a0\u00bb25&Prime; font_weight=\u00a0\u00bb300&Prime; letter_spacing=\u00a0\u00bb1&Prime; margin_top=\u00a0\u00bb100&Prime; font_family=\u00a0\u00bbnone\u00a0\u00bb animation=\u00a0\u00bbbottom-to-top\u00a0\u00bb] Responsabilit\u00e9 sociale des entreprises [\/mk_fancy_title][mk_fancy_title tag_name=\u00a0\u00bbh4&Prime; color=\u00a0\u00bb#553178&Prime; size=\u00a0\u00bb22&Prime; line_height=\u00a0\u00bb145&Prime; margin_bottom=\u00a0\u00bb0&Prime; font_family=\u00a0\u00bbnone\u00a0\u00bb] Notre entreprise responsable [&hellip;]<\/p>\n","protected":false},"author":3,"featured_media":0,"parent":0,"menu_order":38,"comment_status":"closed","ping_status":"closed","template":"","meta":{"inline_featured_image":false,"footnotes":""},"yoast_head":"<!-- This site is optimized with the Yoast SEO plugin v21.8 - https:\/\/yoast.com\/wordpress\/plugins\/seo\/ -->\n<title>Durabilit\u00e9 - FORA<\/title>\n<meta name=\"robots\" content=\"index, follow, max-snippet:-1, max-image-preview:large, max-video-preview:-1\" \/>\n<link rel=\"canonical\" href=\"https:\/\/www.foragroup.eu\/fr\/durabilite\/\" \/>\n<meta property=\"og:locale\" content=\"fr_FR\" \/>\n<meta property=\"og:type\" content=\"article\" \/>\n<meta property=\"og:title\" content=\"Durabilit\u00e9 - FORA\" \/>\n<meta property=\"og:description\" content=\"[vc_row fullwidth=\u00a0\u00bbtrue\u00a0\u00bb equal_columns=\u00a0\u00bbtrue\u00a0\u00bb column_padding=\u00a0\u00bb5&Prime; parallax=\u00a0\u00bbcontent-moving\u00a0\u00bb parallax_image=\u00a0\u00bb5304&Prime;][vc_column width=\u00a0\u00bb5\/12&Prime;][\/vc_column][vc_column width=\u00a0\u00bb7\/12&Prime;][mk_padding_divider size=\u00a0\u00bb133&Prime;][mk_fancy_title tag_name=\u00a0\u00bbh1&Prime; color=\u00a0\u00bb#1e1a34&Prime; size=\u00a0\u00bb66&Prime; margin_bottom=\u00a0\u00bb0&Prime; font_family=\u00a0\u00bbnone\u00a0\u00bb] a natural part [\/mk_fancy_title][mk_fancy_title tag_name=\u00a0\u00bbh1&Prime; color=\u00a0\u00bb#1e1a34&Prime; size=\u00a0\u00bb66&Prime; margin_top=\u00a0\u00bb-11&Prime; margin_bottom=\u00a0\u00bb0&Prime; font_family=\u00a0\u00bbnone\u00a0\u00bb]of our corporate conduct[\/mk_fancy_title][mk_padding_divider size=\u00a0\u00bb133&Prime;][\/vc_column][\/vc_row][vc_row id=\u00a0\u00bbCorporateSocialResponsability\u00a0\u00bb][vc_column][mk_padding_divider size=\u00a0\u00bb44&Prime;][mk_fancy_title tag_name=\u00a0\u00bbh3&Prime; color=\u00a0\u00bb#a3c962&Prime; size=\u00a0\u00bb44&Prime; force_font_size=\u00a0\u00bbtrue\u00a0\u00bb size_tablet=\u00a0\u00bb25&Prime; size_phone=\u00a0\u00bb25&Prime; font_weight=\u00a0\u00bb300&Prime; letter_spacing=\u00a0\u00bb1&Prime; margin_top=\u00a0\u00bb100&Prime; font_family=\u00a0\u00bbnone\u00a0\u00bb animation=\u00a0\u00bbbottom-to-top\u00a0\u00bb] Responsabilit\u00e9 sociale des entreprises [\/mk_fancy_title][mk_fancy_title tag_name=\u00a0\u00bbh4&Prime; color=\u00a0\u00bb#553178&Prime; size=\u00a0\u00bb22&Prime; line_height=\u00a0\u00bb145&Prime; margin_bottom=\u00a0\u00bb0&Prime; font_family=\u00a0\u00bbnone\u00a0\u00bb] Notre entreprise responsable [&hellip;]\" \/>\n<meta property=\"og:url\" content=\"https:\/\/www.foragroup.eu\/fr\/durabilite\/\" \/>\n<meta property=\"og:site_name\" content=\"FORA\" \/>\n<meta property=\"article:modified_time\" content=\"2022-07-18T13:36:09+00:00\" \/>\n<meta name=\"twitter:label1\" content=\"Dur\u00e9e de lecture estim\u00e9e\" \/>\n\t<meta name=\"twitter:data1\" content=\"5 minutes\" \/>\n<script type=\"application\/ld+json\" class=\"yoast-schema-graph\">{\"@context\":\"https:\/\/schema.org\",\"@graph\":[{\"@type\":\"WebPage\",\"@id\":\"https:\/\/www.foragroup.eu\/fr\/durabilite\/\",\"url\":\"https:\/\/www.foragroup.eu\/fr\/durabilite\/\",\"name\":\"Durabilit\u00e9 - FORA\",\"isPartOf\":{\"@id\":\"https:\/\/www.foragroup.eu\/fr\/#website\"},\"datePublished\":\"2017-06-26T08:13:54+00:00\",\"dateModified\":\"2022-07-18T13:36:09+00:00\",\"breadcrumb\":{\"@id\":\"https:\/\/www.foragroup.eu\/fr\/durabilite\/#breadcrumb\"},\"inLanguage\":\"fr-FR\",\"potentialAction\":[{\"@type\":\"ReadAction\",\"target\":[\"https:\/\/www.foragroup.eu\/fr\/durabilite\/\"]}]},{\"@type\":\"BreadcrumbList\",\"@id\":\"https:\/\/www.foragroup.eu\/fr\/durabilite\/#breadcrumb\",\"itemListElement\":[{\"@type\":\"ListItem\",\"position\":1,\"name\":\"Home\",\"item\":\"https:\/\/www.foragroup.eu\/fr\/\"},{\"@type\":\"ListItem\",\"position\":2,\"name\":\"Durabilit\u00e9\"}]},{\"@type\":\"WebSite\",\"@id\":\"https:\/\/www.foragroup.eu\/fr\/#website\",\"url\":\"https:\/\/www.foragroup.eu\/fr\/\",\"name\":\"FORA\",\"description\":\"Hoogwaardige verpakkingen en disposables\",\"potentialAction\":[{\"@type\":\"SearchAction\",\"target\":{\"@type\":\"EntryPoint\",\"urlTemplate\":\"https:\/\/www.foragroup.eu\/fr\/?s={search_term_string}\"},\"query-input\":\"required name=search_term_string\"}],\"inLanguage\":\"fr-FR\"}]}<\/script>\n<!-- \/ Yoast SEO plugin. -->","yoast_head_json":{"title":"Durabilit\u00e9 - FORA","robots":{"index":"index","follow":"follow","max-snippet":"max-snippet:-1","max-image-preview":"max-image-preview:large","max-video-preview":"max-video-preview:-1"},"canonical":"https:\/\/www.foragroup.eu\/fr\/durabilite\/","og_locale":"fr_FR","og_type":"article","og_title":"Durabilit\u00e9 - FORA","og_description":"[vc_row fullwidth=\u00a0\u00bbtrue\u00a0\u00bb equal_columns=\u00a0\u00bbtrue\u00a0\u00bb column_padding=\u00a0\u00bb5&Prime; parallax=\u00a0\u00bbcontent-moving\u00a0\u00bb parallax_image=\u00a0\u00bb5304&Prime;][vc_column width=\u00a0\u00bb5\/12&Prime;][\/vc_column][vc_column width=\u00a0\u00bb7\/12&Prime;][mk_padding_divider size=\u00a0\u00bb133&Prime;][mk_fancy_title tag_name=\u00a0\u00bbh1&Prime; color=\u00a0\u00bb#1e1a34&Prime; size=\u00a0\u00bb66&Prime; margin_bottom=\u00a0\u00bb0&Prime; font_family=\u00a0\u00bbnone\u00a0\u00bb] a natural part [\/mk_fancy_title][mk_fancy_title tag_name=\u00a0\u00bbh1&Prime; color=\u00a0\u00bb#1e1a34&Prime; size=\u00a0\u00bb66&Prime; margin_top=\u00a0\u00bb-11&Prime; margin_bottom=\u00a0\u00bb0&Prime; font_family=\u00a0\u00bbnone\u00a0\u00bb]of our corporate conduct[\/mk_fancy_title][mk_padding_divider size=\u00a0\u00bb133&Prime;][\/vc_column][\/vc_row][vc_row id=\u00a0\u00bbCorporateSocialResponsability\u00a0\u00bb][vc_column][mk_padding_divider size=\u00a0\u00bb44&Prime;][mk_fancy_title tag_name=\u00a0\u00bbh3&Prime; color=\u00a0\u00bb#a3c962&Prime; size=\u00a0\u00bb44&Prime; force_font_size=\u00a0\u00bbtrue\u00a0\u00bb size_tablet=\u00a0\u00bb25&Prime; size_phone=\u00a0\u00bb25&Prime; font_weight=\u00a0\u00bb300&Prime; letter_spacing=\u00a0\u00bb1&Prime; margin_top=\u00a0\u00bb100&Prime; font_family=\u00a0\u00bbnone\u00a0\u00bb animation=\u00a0\u00bbbottom-to-top\u00a0\u00bb] Responsabilit\u00e9 sociale des entreprises [\/mk_fancy_title][mk_fancy_title tag_name=\u00a0\u00bbh4&Prime; color=\u00a0\u00bb#553178&Prime; size=\u00a0\u00bb22&Prime; line_height=\u00a0\u00bb145&Prime; margin_bottom=\u00a0\u00bb0&Prime; font_family=\u00a0\u00bbnone\u00a0\u00bb] Notre entreprise responsable [&hellip;]","og_url":"https:\/\/www.foragroup.eu\/fr\/durabilite\/","og_site_name":"FORA","article_modified_time":"2022-07-18T13:36:09+00:00","twitter_misc":{"Dur\u00e9e de lecture estim\u00e9e":"5 minutes"},"schema":{"@context":"https:\/\/schema.org","@graph":[{"@type":"WebPage","@id":"https:\/\/www.foragroup.eu\/fr\/durabilite\/","url":"https:\/\/www.foragroup.eu\/fr\/durabilite\/","name":"Durabilit\u00e9 - FORA","isPartOf":{"@id":"https:\/\/www.foragroup.eu\/fr\/#website"},"datePublished":"2017-06-26T08:13:54+00:00","dateModified":"2022-07-18T13:36:09+00:00","breadcrumb":{"@id":"https:\/\/www.foragroup.eu\/fr\/durabilite\/#breadcrumb"},"inLanguage":"fr-FR","potentialAction":[{"@type":"ReadAction","target":["https:\/\/www.foragroup.eu\/fr\/durabilite\/"]}]},{"@type":"BreadcrumbList","@id":"https:\/\/www.foragroup.eu\/fr\/durabilite\/#breadcrumb","itemListElement":[{"@type":"ListItem","position":1,"name":"Home","item":"https:\/\/www.foragroup.eu\/fr\/"},{"@type":"ListItem","position":2,"name":"Durabilit\u00e9"}]},{"@type":"WebSite","@id":"https:\/\/www.foragroup.eu\/fr\/#website","url":"https:\/\/www.foragroup.eu\/fr\/","name":"FORA","description":"Hoogwaardige verpakkingen en disposables","potentialAction":[{"@type":"SearchAction","target":{"@type":"EntryPoint","urlTemplate":"https:\/\/www.foragroup.eu\/fr\/?s={search_term_string}"},"query-input":"required name=search_term_string"}],"inLanguage":"fr-FR"}]}},"_links":{"self":[{"href":"https:\/\/www.foragroup.eu\/fr\/wp-json\/wp\/v2\/pages\/3898"}],"collection":[{"href":"https:\/\/www.foragroup.eu\/fr\/wp-json\/wp\/v2\/pages"}],"about":[{"href":"https:\/\/www.foragroup.eu\/fr\/wp-json\/wp\/v2\/types\/page"}],"author":[{"embeddable":true,"href":"https:\/\/www.foragroup.eu\/fr\/wp-json\/wp\/v2\/users\/3"}],"replies":[{"embeddable":true,"href":"https:\/\/www.foragroup.eu\/fr\/wp-json\/wp\/v2\/comments?post=3898"}],"version-history":[{"count":9,"href":"https:\/\/www.foragroup.eu\/fr\/wp-json\/wp\/v2\/pages\/3898\/revisions"}],"predecessor-version":[{"id":5311,"href":"https:\/\/www.foragroup.eu\/fr\/wp-json\/wp\/v2\/pages\/3898\/revisions\/5311"}],"wp:attachment":[{"href":"https:\/\/www.foragroup.eu\/fr\/wp-json\/wp\/v2\/media?parent=3898"}],"curies":[{"name":"wp","href":"https:\/\/api.w.org\/{rel}","templated":true}]}}